{"id":385,"date":"2024-04-22T10:01:20","date_gmt":"2024-04-22T08:01:20","guid":{"rendered":"https:\/\/olivierdelfor.fr\/?page_id=385"},"modified":"2024-10-21T10:04:47","modified_gmt":"2024-10-21T08:04:47","slug":"biographie","status":"publish","type":"page","link":"https:\/\/olivierdelfor.fr\/index.php\/biographie\/","title":{"rendered":"Biographie"},"content":{"rendered":"<p>[et_pb_section fb_built=\u00a0\u00bb1&Prime; _builder_version=\u00a0\u00bb4.27.2&Prime; _module_preset=\u00a0\u00bbdefault\u00a0\u00bb background_color=\u00a0\u00bbrgba(224,153,0,0.4)\u00a0\u00bb da_disable_devices=\u00a0\u00bboff|off|off\u00a0\u00bb global_colors_info=\u00a0\u00bb{}\u00a0\u00bb disabled_on=\u00a0\u00bbon|on|off\u00a0\u00bb da_is_popup=\u00a0\u00bboff\u00a0\u00bb da_exit_intent=\u00a0\u00bboff\u00a0\u00bb da_has_close=\u00a0\u00bbon\u00a0\u00bb da_alt_close=\u00a0\u00bboff\u00a0\u00bb da_dark_close=\u00a0\u00bboff\u00a0\u00bb da_not_modal=\u00a0\u00bbon\u00a0\u00bb da_is_singular=\u00a0\u00bboff\u00a0\u00bb da_with_loader=\u00a0\u00bboff\u00a0\u00bb da_has_shadow=\u00a0\u00bbon\u00a0\u00bb][et_pb_row column_structure=\u00a0\u00bb2_3,1_3&Prime; _builder_version=\u00a0\u00bb4.25.0&Prime; _module_preset=\u00a0\u00bbdefault\u00a0\u00bb global_colors_info=\u00a0\u00bb{}\u00a0\u00bb][et_pb_column type=\u00a0\u00bb2_3&Prime; _builder_version=\u00a0\u00bb4.25.0&Prime; _module_preset=\u00a0\u00bbdefault\u00a0\u00bb global_colors_info=\u00a0\u00bb{}\u00a0\u00bb][et_pb_text _builder_version=\u00a0\u00bb4.27.2&Prime; _module_preset=\u00a0\u00bbdefault\u00a0\u00bb locked=\u00a0\u00bboff\u00a0\u00bb global_colors_info=\u00a0\u00bb{}\u00a0\u00bb]<\/p>\n<h2><strong>Biographie<\/strong><\/h2>\n<p>[\/et_pb_text][et_pb_image src=\u00a0\u00bbhttps:\/\/olivierdelfor.fr\/wp-content\/uploads\/2023\/11\/Olivier-Delfor-scaled-e1715074437448.jpg\u00a0\u00bb alt=\u00a0\u00bbOlivier Delfor avec ses guitares, pose sourire.\u00a0\u00bb title_text=\u00a0\u00bbOlivier Delfor et ses guitares.\u00a0\u00bb align=\u00a0\u00bbright\u00a0\u00bb _builder_version=\u00a0\u00bb4.27.2&Prime; _module_preset=\u00a0\u00bbdefault\u00a0\u00bb width=\u00a0\u00bb61%\u00a0\u00bb custom_margin=\u00a0\u00bb-130px||||false|false\u00a0\u00bb border_width_all=\u00a0\u00bb3px\u00a0\u00bb global_colors_info=\u00a0\u00bb{}\u00a0\u00bb][\/et_pb_image][et_pb_text _builder_version=\u00a0\u00bb4.27.2&Prime; _module_preset=\u00a0\u00bbdefault\u00a0\u00bb text_text_color=\u00a0\u00bb#000000&Prime; text_font_size=\u00a0\u00bb17px\u00a0\u00bb global_colors_info=\u00a0\u00bb{}\u00a0\u00bb]<\/p>\n<p style=\"text-align: justify;\">Guitariste depuis l\u2019\u00e2ge de 13 ans, Olivier Delfor s\u2019initie \u00e0 la musique par le folk et le blues.<\/p>\n<p style=\"text-align: justify;\">Tr\u00e8s vite il d\u00e9couvre le rock et ses guitaristes l\u00e9gendaires qui seront des influences majeures dans son parcours musical.<\/p>\n<p style=\"text-align: justify;\">Il fait ensuite ses \u00e9tudes au CIM \u00e9cole de jazz de Paris, o\u00f9 il travaille avec Pierre Cullaz, guitariste et p\u00e9dagogue r\u00e9put\u00e9.<\/p>\n<p style=\"text-align: justify;\"><span>Musicien \u00e9clectique, il s\u2019int\u00e9resse tr\u00e8s t\u00f4t aux musiques du monde, Afrique, Am\u00e9rique Latine, musique Celtique et des Balkans, tout en \u00e9coutant les grands artistes de la chanson fran\u00e7aise.<\/span><\/p>\n<p>[\/et_pb_text][et_pb_text _builder_version=\u00a0\u00bb4.25.0&Prime; _module_preset=\u00a0\u00bbdefault\u00a0\u00bb text_text_color=\u00a0\u00bb#000000&Prime; text_font_size=\u00a0\u00bb17px\u00a0\u00bb global_colors_info=\u00a0\u00bb{}\u00a0\u00bb]<\/p>\n<p>De 1993 \u00e0 1999, il participe au groupe GOGO BANDO chanson fran\u00e7aise latino-rock.<\/p>\n<p>C\u2019est en 2000 qu\u2019il se lance dans l\u2019\u00e9criture et la composition personnelle.<\/p>\n<p>Il fonde alors son 1er groupe DOUD\u2019 avec lequel il enregistre deux albums, et fait de nombreuses sc\u00e8nes partout en France jusqu\u2019en 2012. Vient ensuite le groupe O+TRIO jusqu\u2019en 2021, avec la production d\u2019un album.<\/p>\n<p>Dans ses chansons il puise son inspiration en m\u00e9langeant sa passion pour les musiques du monde et son go\u00fbt de l\u2019\u00e9criture en fran\u00e7ais.<\/p>\n<p>Parall\u00e8lement \u00e0 son travail d\u2019auteur-compositeur, il participe au groupe Trio FRABANA de 2009 \u00e0 2016, o\u00f9 il accompagne le virtuose de la percussion mandingue, le guin\u00e9en Y\u00e9y\u00e9 Kante, avec qui il enregistre un album.<\/p>\n<p>Il compose \u00e9galement de la musique pour le th\u00e9\u00e2tre avec la compagnie du Th\u00e9\u00e2tre de l\u2019Oc\u00e9an.<\/p>\n<p>[\/et_pb_text][et_pb_text _builder_version=\u00a0\u00bb4.25.0&Prime; _module_preset=\u00a0\u00bbdefault\u00a0\u00bb text_text_color=\u00a0\u00bb#000000&Prime; text_font_size=\u00a0\u00bb17px\u00a0\u00bb global_colors_info=\u00a0\u00bb{}\u00a0\u00bb]<\/p>\n<p style=\"text-align: justify;\"><span>Son \u00e9volution en tant que guitariste l\u2019a conduit \u00e0 d\u00e9velopper une technique personnelle inspir\u00e9e du Picking et du Fingerstyle, techniques qui consistent \u00e0 jouer les m\u00e9lodies en m\u00eame temps que l\u2019accompagnement. Ce travail l\u2019am\u00e8ne tout naturellement \u00e0 cr\u00e9er un r\u00e9pertoire instrumental solo. 2024 sera la sortie de son 1er album solo d\u00e9di\u00e9 \u00e0 la guitare sous toutes ses formes, folk, pop, blues, jazz, traditionnel, n\u00e9o-classique\u2026<\/span><\/p>\n<p>[\/et_pb_text][et_pb_text _builder_version=\u00a0\u00bb4.25.0&Prime; _module_preset=\u00a0\u00bbdefault\u00a0\u00bb text_text_color=\u00a0\u00bb#000000&Prime; text_font_size=\u00a0\u00bb17px\u00a0\u00bb global_colors_info=\u00a0\u00bb{}\u00a0\u00bb]<\/p>\n<p style=\"text-align: justify;\">Parall\u00e8lement \u00e0 ce projet solo, Olivier Delfor retrouve le travail en groupe en 2023. Il s\u2019entoure de deux musiciens talentueux, basse, batterie, pour fonder un power trio \u00e0 son nom. La musique prend d\u00e9sormais une couleur plus Blues Pop\u2019n Groove o\u00f9 la voix et les solos de guitare se m\u00ealent et se r\u00e9pondent, soutenus par une rythmique toujours inventive.<\/p>\n<p>[\/et_pb_text][\/et_pb_column][et_pb_column type=\u00a0\u00bb1_3&Prime; _builder_version=\u00a0\u00bb4.25.0&Prime; _module_preset=\u00a0\u00bbdefault\u00a0\u00bb global_colors_info=\u00a0\u00bb{}\u00a0\u00bb][et_pb_text _builder_version=\u00a0\u00bb4.27.2&Prime; _module_preset=\u00a0\u00bbdefault\u00a0\u00bb global_colors_info=\u00a0\u00bb{}\u00a0\u00bb]<\/p>\n<h2 style=\"text-align: center;\"><strong>Discographie<\/strong><\/h2>\n<p>[\/et_pb_text][et_pb_text _builder_version=\u00a0\u00bb4.27.2&Prime; _module_preset=\u00a0\u00bbdefault\u00a0\u00bb text_text_color=\u00a0\u00bb#000000&Prime; text_font_size=\u00a0\u00bb17px\u00a0\u00bb width=\u00a0\u00bb100%\u00a0\u00bb module_alignment=\u00a0\u00bbcenter\u00a0\u00bb custom_margin=\u00a0\u00bb||-10px||false|false\u00a0\u00bb global_colors_info=\u00a0\u00bb{}\u00a0\u00bb]<\/p>\n<p style=\"text-align: center;\"><span>\u00a0<strong>Avec Doud&rsquo;<\/strong><br \/>\u00ab Assis sur ma dune \u00bb 2008<\/span><\/p>\n<img loading=\"lazy\" decoding=\"async\" src=\"https:\/\/olivierdelfor.fr\/wp-content\/uploads\/2024\/04\/assis-sur-ma-dune-300x300.jpg\" width=\"138\" height=\"138\" alt=\"\" class=\"wp-image-392 size-medium\" style=\"display: block; margin-left: auto; margin-right: auto;\" \/>\n<p style=\"text-align: center;\"><span><\/span><\/p>\n<p>[\/et_pb_text][et_pb_text _builder_version=\u00a0\u00bb4.27.2&Prime; _module_preset=\u00a0\u00bbdefault\u00a0\u00bb text_text_color=\u00a0\u00bb#000000&Prime; text_font_size=\u00a0\u00bb17px\u00a0\u00bb width=\u00a0\u00bb100%\u00a0\u00bb module_alignment=\u00a0\u00bbcenter\u00a0\u00bb custom_margin=\u00a0\u00bb||-10px||false|false\u00a0\u00bb global_colors_info=\u00a0\u00bb{}\u00a0\u00bb]<\/p>\n<p style=\"text-align: center;\"><span><\/span><\/p>\n<p style=\"text-align: center;\"><span><\/span><\/p>\n<p style=\"text-align: center;\"><span>\u00ab Eldorado \u00bb 2011<\/span><\/p>\n<p><span><img loading=\"lazy\" decoding=\"async\" src=\"https:\/\/olivierdelfor.fr\/wp-content\/uploads\/2024\/05\/DOUD-Eldorado-pochette-CD-296x300.jpg\" width=\"137\" height=\"138\" alt=\"\" class=\"wp-image-436 alignnone size-medium\" style=\"display: block; margin-left: auto; margin-right: auto;\" \/><\/span><\/p>\n<p style=\"text-align: center;\"><span><\/span><\/p>\n<p>[\/et_pb_text][et_pb_text _builder_version=\u00a0\u00bb4.27.2&Prime; _module_preset=\u00a0\u00bbdefault\u00a0\u00bb text_text_color=\u00a0\u00bb#000000&Prime; text_font_size=\u00a0\u00bb17px\u00a0\u00bb width=\u00a0\u00bb100%\u00a0\u00bb module_alignment=\u00a0\u00bbcenter\u00a0\u00bb custom_margin=\u00a0\u00bb||-10px||false|false\u00a0\u00bb global_colors_info=\u00a0\u00bb{}\u00a0\u00bb]<\/p>\n<p style=\"text-align: center;\"><span><strong><\/strong><\/span><\/p>\n<p style=\"text-align: center;\"><span><strong>Avec O+TRIO<\/strong><br \/>\u00ab M\u00eame un chemin de 1000 lieues \u00bb 2016<\/span><\/p>\n<p style=\"text-align: center;\"><span><strong><img loading=\"lazy\" decoding=\"async\" src=\"https:\/\/olivierdelfor.fr\/wp-content\/uploads\/2024\/05\/OTrio_meme_un-chemin_de_1000_lieues-300x273.jpg\" width=\"138\" height=\"126\" alt=\"\" class=\"wp-image-434 alignnone size-medium\" \/><\/strong><\/span><\/p>\n<p style=\"text-align: center;\"><span>\u00a0<\/span><\/p>\n<p>[\/et_pb_text][et_pb_text _builder_version=\u00a0\u00bb4.27.2&Prime; _module_preset=\u00a0\u00bbdefault\u00a0\u00bb text_text_color=\u00a0\u00bb#000000&Prime; text_font_size=\u00a0\u00bb17px\u00a0\u00bb width=\u00a0\u00bb100%\u00a0\u00bb module_alignment=\u00a0\u00bbcenter\u00a0\u00bb custom_margin=\u00a0\u00bb||-10px||false|false\u00a0\u00bb global_colors_info=\u00a0\u00bb{}\u00a0\u00bb]<\/p>\n<p style=\"text-align: center;\"><strong>Avec Trio FRABANA :<\/strong><br \/>Album \u00e9ponyme en 2012<\/p>\n<p style=\"text-align: center;\"><strong><img loading=\"lazy\" decoding=\"async\" src=\"https:\/\/olivierdelfor.fr\/wp-content\/uploads\/2024\/05\/Trio-FRABANA-pochette-CD-300x300.jpg\" width=\"138\" height=\"138\" alt=\"\" class=\"wp-image-435 alignnone size-medium\" \/>\u00a0<\/strong><\/p>\n<p>&nbsp;<\/p>\n<p><span><\/span><\/p>\n<p>[\/et_pb_text][et_pb_text _builder_version=\u00a0\u00bb4.25.0&Prime; _module_preset=\u00a0\u00bbdefault\u00a0\u00bb text_text_color=\u00a0\u00bb#000000&Prime; text_font_size=\u00a0\u00bb17px\u00a0\u00bb width=\u00a0\u00bb100%\u00a0\u00bb module_alignment=\u00a0\u00bbcenter\u00a0\u00bb custom_margin=\u00a0\u00bb||-10px||false|false\u00a0\u00bb global_colors_info=\u00a0\u00bb{}\u00a0\u00bb]<\/p>\n<p style=\"text-align: center;\">\n<p style=\"text-align: center;\"><strong>Pour le Th\u00e9\u00e2tre :<\/strong><br \/>\u00ab\u00a0La peau d&rsquo;\u00c9lisa\u00a0\u00bb 2019<br \/>\u00ab\u00a0Migraaants\u00a0\u00bb 2022<span><\/span><\/p>\n<p><span><\/span><\/p>\n<p>[\/et_pb_text][\/et_pb_column][\/et_pb_row][\/et_pb_section][et_pb_section fb_built=\u00a0\u00bb1&Prime; disabled_on=\u00a0\u00bboff|off|on\u00a0\u00bb _builder_version=\u00a0\u00bb4.27.2&Prime; _module_preset=\u00a0\u00bbdefault\u00a0\u00bb background_color=\u00a0\u00bbrgba(224,153,0,0.4)\u00a0\u00bb da_disable_devices=\u00a0\u00bboff|off|off\u00a0\u00bb global_colors_info=\u00a0\u00bb{}\u00a0\u00bb da_is_popup=\u00a0\u00bboff\u00a0\u00bb da_exit_intent=\u00a0\u00bboff\u00a0\u00bb da_has_close=\u00a0\u00bbon\u00a0\u00bb da_alt_close=\u00a0\u00bboff\u00a0\u00bb da_dark_close=\u00a0\u00bboff\u00a0\u00bb da_not_modal=\u00a0\u00bbon\u00a0\u00bb da_is_singular=\u00a0\u00bboff\u00a0\u00bb da_with_loader=\u00a0\u00bboff\u00a0\u00bb da_has_shadow=\u00a0\u00bbon\u00a0\u00bb][et_pb_row _builder_version=\u00a0\u00bb4.25.0&Prime; _module_preset=\u00a0\u00bbdefault\u00a0\u00bb global_colors_info=\u00a0\u00bb{}\u00a0\u00bb][et_pb_column type=\u00a0\u00bb4_4&Prime; _builder_version=\u00a0\u00bb4.25.0&Prime; _module_preset=\u00a0\u00bbdefault\u00a0\u00bb global_colors_info=\u00a0\u00bb{}\u00a0\u00bb][et_pb_text _builder_version=\u00a0\u00bb4.27.2&Prime; _module_preset=\u00a0\u00bbdefault\u00a0\u00bb locked=\u00a0\u00bboff\u00a0\u00bb global_colors_info=\u00a0\u00bb{}\u00a0\u00bb]<\/p>\n<h2><strong>Biographie<\/strong><\/h2>\n<p>[\/et_pb_text][et_pb_image src=\u00a0\u00bbhttps:\/\/olivierdelfor.fr\/wp-content\/uploads\/2023\/11\/Olivier-Delfor-scaled-e1715074437448.jpg\u00a0\u00bb alt=\u00a0\u00bbOlivier Delfor avec ses guitares, pose sourire.\u00a0\u00bb title_text=\u00a0\u00bbOlivier Delfor et ses guitares.\u00a0\u00bb align=\u00a0\u00bbcenter\u00a0\u00bb _builder_version=\u00a0\u00bb4.27.2&Prime; _module_preset=\u00a0\u00bbdefault\u00a0\u00bb global_colors_info=\u00a0\u00bb{}\u00a0\u00bb][\/et_pb_image][\/et_pb_column][\/et_pb_row][et_pb_row _builder_version=\u00a0\u00bb4.25.0&Prime; _module_preset=\u00a0\u00bbdefault\u00a0\u00bb global_colors_info=\u00a0\u00bb{}\u00a0\u00bb][et_pb_column type=\u00a0\u00bb4_4&Prime; _builder_version=\u00a0\u00bb4.25.0&Prime; _module_preset=\u00a0\u00bbdefault\u00a0\u00bb global_colors_info=\u00a0\u00bb{}\u00a0\u00bb][et_pb_text _builder_version=\u00a0\u00bb4.27.2&Prime; _module_preset=\u00a0\u00bbdefault\u00a0\u00bb text_text_color=\u00a0\u00bb#000000&Prime; text_font_size=\u00a0\u00bb17px\u00a0\u00bb global_colors_info=\u00a0\u00bb{}\u00a0\u00bb]<\/p>\n<p style=\"text-align: justify;\">Guitariste depuis l\u2019\u00e2ge de 13 ans, Olivier Delfor s\u2019initie \u00e0 la musique par le folk et le blues.<\/p>\n<p style=\"text-align: justify;\">Tr\u00e8s vite il d\u00e9couvre le rock et ses guitaristes l\u00e9gendaires qui seront des influences majeures dans son parcours musical.<\/p>\n<p style=\"text-align: justify;\">Il fait ensuite ses \u00e9tudes au CIM \u00e9cole de jazz de Paris, o\u00f9 il travaille avec Pierre Cullaz, guitariste et p\u00e9dagogue r\u00e9put\u00e9.<\/p>\n<p style=\"text-align: justify;\"><span>Musicien \u00e9clectique, il s\u2019int\u00e9resse tr\u00e8s t\u00f4t aux musiques du monde, Afrique, Am\u00e9rique Latine, musique Celtique et des Balkans, tout en \u00e9coutant les grands artistes de la chanson fran\u00e7aise.<\/span><\/p>\n<p>[\/et_pb_text][et_pb_text _builder_version=\u00a0\u00bb4.25.0&Prime; _module_preset=\u00a0\u00bbdefault\u00a0\u00bb text_text_color=\u00a0\u00bb#000000&Prime; text_font_size=\u00a0\u00bb17px\u00a0\u00bb global_colors_info=\u00a0\u00bb{}\u00a0\u00bb]<\/p>\n<p>De 1993 \u00e0 1999, il participe au groupe GOGO BANDO chanson fran\u00e7aise latino-rock.<\/p>\n<p>C\u2019est en 2000 qu\u2019il se lance dans l\u2019\u00e9criture et la composition personnelle.<\/p>\n<p>Il fonde alors son 1er groupe DOUD\u2019 avec lequel il enregistre deux albums, et fait de nombreuses sc\u00e8nes partout en France jusqu\u2019en 2012. Vient ensuite le groupe O+TRIO jusqu\u2019en 2021, avec la production d\u2019un album.<\/p>\n<p>Dans ses chansons il puise son inspiration en m\u00e9langeant sa passion pour les musiques du monde et son go\u00fbt de l\u2019\u00e9criture en fran\u00e7ais.<\/p>\n<p>Parall\u00e8lement \u00e0 son travail d\u2019auteur-compositeur, il participe au groupe Trio FRABANA de 2009 \u00e0 2016, o\u00f9 il accompagne le virtuose de la percussion mandingue, le guin\u00e9en Y\u00e9y\u00e9 Kante, avec qui il enregistre un album.<\/p>\n<p>Il compose \u00e9galement de la musique pour le th\u00e9\u00e2tre avec la compagnie du Th\u00e9\u00e2tre de l\u2019Oc\u00e9an.<\/p>\n<p>[\/et_pb_text][et_pb_text _builder_version=\u00a0\u00bb4.25.0&Prime; _module_preset=\u00a0\u00bbdefault\u00a0\u00bb text_text_color=\u00a0\u00bb#000000&Prime; text_font_size=\u00a0\u00bb17px\u00a0\u00bb global_colors_info=\u00a0\u00bb{}\u00a0\u00bb]<\/p>\n<p style=\"text-align: justify;\"><span>Son \u00e9volution en tant que guitariste l\u2019a conduit \u00e0 d\u00e9velopper une technique personnelle inspir\u00e9e du Picking et du Fingerstyle, techniques qui consistent \u00e0 jouer les m\u00e9lodies en m\u00eame temps que l\u2019accompagnement. Ce travail l\u2019am\u00e8ne tout naturellement \u00e0 cr\u00e9er un r\u00e9pertoire instrumental solo. 2024 sera la sortie de son 1er album solo d\u00e9di\u00e9 \u00e0 la guitare sous toutes ses formes, folk, pop, blues, jazz, traditionnel, n\u00e9o-classique\u2026<\/span><\/p>\n<p>[\/et_pb_text][et_pb_text _builder_version=\u00a0\u00bb4.25.0&Prime; _module_preset=\u00a0\u00bbdefault\u00a0\u00bb text_text_color=\u00a0\u00bb#000000&Prime; text_font_size=\u00a0\u00bb17px\u00a0\u00bb global_colors_info=\u00a0\u00bb{}\u00a0\u00bb]<\/p>\n<p style=\"text-align: justify;\">Parall\u00e8lement \u00e0 ce projet solo, Olivier Delfor retrouve le travail en groupe en 2023. Il s\u2019entoure de deux musiciens talentueux, basse, batterie, pour fonder un power trio \u00e0 son nom. La musique prend d\u00e9sormais une couleur plus Blues Pop\u2019n Groove o\u00f9 la voix et les solos de guitare se m\u00ealent et se r\u00e9pondent, soutenus par une rythmique toujours inventive.<\/p>\n<p>[\/et_pb_text][et_pb_text _builder_version=\u00a0\u00bb4.27.2&Prime; _module_preset=\u00a0\u00bbdefault\u00a0\u00bb global_colors_info=\u00a0\u00bb{}\u00a0\u00bb]<\/p>\n<h2 style=\"text-align: center;\"><strong>Discographie<\/strong><\/h2>\n<p>[\/et_pb_text][et_pb_text _builder_version=\u00a0\u00bb4.27.2&Prime; _module_preset=\u00a0\u00bbdefault\u00a0\u00bb text_text_color=\u00a0\u00bb#000000&Prime; text_font_size=\u00a0\u00bb17px\u00a0\u00bb width=\u00a0\u00bb100%\u00a0\u00bb module_alignment=\u00a0\u00bbcenter\u00a0\u00bb custom_margin=\u00a0\u00bb||-10px||false|false\u00a0\u00bb global_colors_info=\u00a0\u00bb{}\u00a0\u00bb]<\/p>\n<p style=\"text-align: center;\"><span>\u00a0<strong>Avec Doud&rsquo;<\/strong><br \/>\u00ab Assis sur ma dune \u00bb 2008<\/span><\/p>\n<img loading=\"lazy\" decoding=\"async\" src=\"https:\/\/olivierdelfor.fr\/wp-content\/uploads\/2024\/04\/assis-sur-ma-dune-300x300.jpg\" width=\"138\" height=\"138\" alt=\"\" class=\"wp-image-392 size-medium\" style=\"display: block; margin-left: auto; margin-right: auto;\" \/>\n<p style=\"text-align: center;\"><span><\/span><\/p>\n<p>[\/et_pb_text][et_pb_text _builder_version=\u00a0\u00bb4.27.2&Prime; _module_preset=\u00a0\u00bbdefault\u00a0\u00bb text_text_color=\u00a0\u00bb#000000&Prime; text_font_size=\u00a0\u00bb17px\u00a0\u00bb width=\u00a0\u00bb100%\u00a0\u00bb module_alignment=\u00a0\u00bbcenter\u00a0\u00bb custom_margin=\u00a0\u00bb||-10px||false|false\u00a0\u00bb global_colors_info=\u00a0\u00bb{}\u00a0\u00bb]<\/p>\n<p style=\"text-align: center;\"><span><\/span><\/p>\n<p style=\"text-align: center;\"><span><\/span><\/p>\n<p style=\"text-align: center;\"><span>\u00ab Eldorado \u00bb 2011<\/span><\/p>\n<p><span><img loading=\"lazy\" decoding=\"async\" src=\"https:\/\/olivierdelfor.fr\/wp-content\/uploads\/2024\/05\/DOUD-Eldorado-pochette-CD-296x300.jpg\" width=\"137\" height=\"138\" alt=\"\" class=\"wp-image-436 alignnone size-medium\" style=\"display: block; margin-left: auto; margin-right: auto;\" \/><\/span><\/p>\n<p style=\"text-align: center;\"><span><\/span><\/p>\n<p>[\/et_pb_text][et_pb_text _builder_version=\u00a0\u00bb4.27.2&Prime; _module_preset=\u00a0\u00bbdefault\u00a0\u00bb text_text_color=\u00a0\u00bb#000000&Prime; text_font_size=\u00a0\u00bb17px\u00a0\u00bb width=\u00a0\u00bb100%\u00a0\u00bb module_alignment=\u00a0\u00bbcenter\u00a0\u00bb custom_margin=\u00a0\u00bb||-10px||false|false\u00a0\u00bb global_colors_info=\u00a0\u00bb{}\u00a0\u00bb]<\/p>\n<p style=\"text-align: center;\"><span><strong><\/strong><\/span><\/p>\n<p style=\"text-align: center;\"><span><strong>Avec O+TRIO<\/strong><br \/>\u00ab M\u00eame un chemin de 1000 lieues \u00bb 2016<\/span><\/p>\n<p style=\"text-align: center;\"><span><strong><img loading=\"lazy\" decoding=\"async\" src=\"https:\/\/olivierdelfor.fr\/wp-content\/uploads\/2024\/05\/OTrio_meme_un-chemin_de_1000_lieues-300x273.jpg\" width=\"138\" height=\"126\" alt=\"\" class=\"wp-image-434 alignnone size-medium\" \/><\/strong><\/span><\/p>\n<p style=\"text-align: center;\"><span>\u00a0<\/span><\/p>\n<p>[\/et_pb_text][et_pb_text _builder_version=\u00a0\u00bb4.27.2&Prime; _module_preset=\u00a0\u00bbdefault\u00a0\u00bb text_text_color=\u00a0\u00bb#000000&Prime; text_font_size=\u00a0\u00bb17px\u00a0\u00bb width=\u00a0\u00bb100%\u00a0\u00bb module_alignment=\u00a0\u00bbcenter\u00a0\u00bb custom_margin=\u00a0\u00bb||-10px||false|false\u00a0\u00bb global_colors_info=\u00a0\u00bb{}\u00a0\u00bb]<\/p>\n<p style=\"text-align: center;\"><strong>Avec Trio FRABANA :<\/strong><br \/>Album \u00e9ponyme en 2012<\/p>\n<p style=\"text-align: center;\"><strong><img loading=\"lazy\" decoding=\"async\" src=\"https:\/\/olivierdelfor.fr\/wp-content\/uploads\/2024\/05\/Trio-FRABANA-pochette-CD-300x300.jpg\" width=\"138\" height=\"138\" alt=\"\" class=\"wp-image-435 alignnone size-medium\" \/>\u00a0<\/strong><\/p>\n<p>&nbsp;<\/p>\n<p><span><\/span><\/p>\n<p>[\/et_pb_text][et_pb_text _builder_version=\u00a0\u00bb4.25.0&Prime; _module_preset=\u00a0\u00bbdefault\u00a0\u00bb text_text_color=\u00a0\u00bb#000000&Prime; text_font_size=\u00a0\u00bb17px\u00a0\u00bb width=\u00a0\u00bb100%\u00a0\u00bb module_alignment=\u00a0\u00bbcenter\u00a0\u00bb custom_margin=\u00a0\u00bb||-10px||false|false\u00a0\u00bb global_colors_info=\u00a0\u00bb{}\u00a0\u00bb]<\/p>\n<p style=\"text-align: center;\">\n<p style=\"text-align: center;\"><strong>Pour le Th\u00e9\u00e2tre :<\/strong><br \/>\u00ab\u00a0La peau d&rsquo;\u00c9lisa\u00a0\u00bb 2019<br \/>\u00ab\u00a0Migraaants\u00a0\u00bb 2022<span><\/span><\/p>\n<p><span><\/span><\/p>\n<p>[\/et_pb_text][\/et_pb_column][\/et_pb_row][\/et_pb_section]<\/p>\n","protected":false},"excerpt":{"rendered":"<p>BiographieGuitariste depuis l\u2019\u00e2ge de 13 ans, Olivier Delfor s\u2019initie \u00e0 la musique par le folk et le blues. Tr\u00e8s vite il d\u00e9couvre le rock et ses guitaristes l\u00e9gendaires qui seront des influences majeures dans son parcours musical. Il fait ensuite ses \u00e9tudes au CIM \u00e9cole de jazz de Paris, o\u00f9 il travaille avec Pierre Cullaz, [&hellip;]<\/p>\n","protected":false},"author":2,"featured_media":0,"parent":0,"menu_order":0,"comment_status":"closed","ping_status":"closed","template":"","meta":{"_et_pb_use_builder":"on","_et_pb_old_content":"","_et_gb_content_width":"","footnotes":""},"class_list":["post-385","page","type-page","status-publish","hentry"],"yoast_head":"<!-- This site is optimized with the Yoast SEO plugin v27.4 - https:\/\/yoast.com\/product\/yoast-seo-wordpress\/ -->\n<title>Biographie - Olivier Delfor<\/title>\n<meta name=\"robots\" content=\"index, follow, max-snippet:-1, max-image-preview:large, max-video-preview:-1\" \/>\n<link rel=\"canonical\" href=\"https:\/\/olivierdelfor.fr\/index.php\/biographie\/\" \/>\n<meta property=\"og:locale\" content=\"fr_FR\" \/>\n<meta property=\"og:type\" content=\"article\" \/>\n<meta property=\"og:title\" content=\"Biographie - Olivier Delfor\" \/>\n<meta property=\"og:description\" content=\"BiographieGuitariste depuis l\u2019\u00e2ge de 13 ans, Olivier Delfor s\u2019initie \u00e0 la musique par le folk et le blues. Tr\u00e8s vite il d\u00e9couvre le rock et ses guitaristes l\u00e9gendaires qui seront des influences majeures dans son parcours musical. Il fait ensuite ses \u00e9tudes au CIM \u00e9cole de jazz de Paris, o\u00f9 il travaille avec Pierre Cullaz, [&hellip;]\" \/>\n<meta property=\"og:url\" content=\"https:\/\/olivierdelfor.fr\/index.php\/biographie\/\" \/>\n<meta property=\"og:site_name\" content=\"Olivier Delfor\" \/>\n<meta property=\"article:modified_time\" content=\"2024-10-21T08:04:47+00:00\" \/>\n<meta property=\"og:image\" content=\"https:\/\/olivierdelfor.fr\/wp-content\/uploads\/2024\/04\/assis-sur-ma-dune-300x300.jpg\" \/>\n<meta name=\"twitter:card\" content=\"summary_large_image\" \/>\n<meta name=\"twitter:label1\" content=\"Dur\u00e9e de lecture estim\u00e9e\" \/>\n\t<meta name=\"twitter:data1\" content=\"8 minutes\" \/>\n<script type=\"application\/ld+json\" class=\"yoast-schema-graph\">{\"@context\":\"https:\\\/\\\/schema.org\",\"@graph\":[{\"@type\":\"WebPage\",\"@id\":\"https:\\\/\\\/olivierdelfor.fr\\\/index.php\\\/biographie\\\/\",\"url\":\"https:\\\/\\\/olivierdelfor.fr\\\/index.php\\\/biographie\\\/\",\"name\":\"Biographie - Olivier Delfor\",\"isPartOf\":{\"@id\":\"https:\\\/\\\/olivierdelfor.fr\\\/#website\"},\"primaryImageOfPage\":{\"@id\":\"https:\\\/\\\/olivierdelfor.fr\\\/index.php\\\/biographie\\\/#primaryimage\"},\"image\":{\"@id\":\"https:\\\/\\\/olivierdelfor.fr\\\/index.php\\\/biographie\\\/#primaryimage\"},\"thumbnailUrl\":\"https:\\\/\\\/olivierdelfor.fr\\\/wp-content\\\/uploads\\\/2024\\\/04\\\/assis-sur-ma-dune-300x300.jpg\",\"datePublished\":\"2024-04-22T08:01:20+00:00\",\"dateModified\":\"2024-10-21T08:04:47+00:00\",\"breadcrumb\":{\"@id\":\"https:\\\/\\\/olivierdelfor.fr\\\/index.php\\\/biographie\\\/#breadcrumb\"},\"inLanguage\":\"fr-FR\",\"potentialAction\":[{\"@type\":\"ReadAction\",\"target\":[\"https:\\\/\\\/olivierdelfor.fr\\\/index.php\\\/biographie\\\/\"]}]},{\"@type\":\"ImageObject\",\"inLanguage\":\"fr-FR\",\"@id\":\"https:\\\/\\\/olivierdelfor.fr\\\/index.php\\\/biographie\\\/#primaryimage\",\"url\":\"https:\\\/\\\/olivierdelfor.fr\\\/wp-content\\\/uploads\\\/2024\\\/04\\\/assis-sur-ma-dune.jpg\",\"contentUrl\":\"https:\\\/\\\/olivierdelfor.fr\\\/wp-content\\\/uploads\\\/2024\\\/04\\\/assis-sur-ma-dune.jpg\",\"width\":1200,\"height\":1200,\"caption\":\"1.83.0-F6AJWFJOAE7PQQY37VPSIIVYH4.0.2-2\"},{\"@type\":\"BreadcrumbList\",\"@id\":\"https:\\\/\\\/olivierdelfor.fr\\\/index.php\\\/biographie\\\/#breadcrumb\",\"itemListElement\":[{\"@type\":\"ListItem\",\"position\":1,\"name\":\"Accueil\",\"item\":\"https:\\\/\\\/olivierdelfor.fr\\\/\"},{\"@type\":\"ListItem\",\"position\":2,\"name\":\"Biographie\"}]},{\"@type\":\"WebSite\",\"@id\":\"https:\\\/\\\/olivierdelfor.fr\\\/#website\",\"url\":\"https:\\\/\\\/olivierdelfor.fr\\\/\",\"name\":\"Olivier Delfor\",\"description\":\"Guitare Chant Percussions Auteur Compositeur Interpr\u00e8te\",\"publisher\":{\"@id\":\"https:\\\/\\\/olivierdelfor.fr\\\/#\\\/schema\\\/person\\\/ebfcb8e2b63b50581d13271298e37c46\"},\"potentialAction\":[{\"@type\":\"SearchAction\",\"target\":{\"@type\":\"EntryPoint\",\"urlTemplate\":\"https:\\\/\\\/olivierdelfor.fr\\\/?s={search_term_string}\"},\"query-input\":{\"@type\":\"PropertyValueSpecification\",\"valueRequired\":true,\"valueName\":\"search_term_string\"}}],\"inLanguage\":\"fr-FR\"},{\"@type\":[\"Person\",\"Organization\"],\"@id\":\"https:\\\/\\\/olivierdelfor.fr\\\/#\\\/schema\\\/person\\\/ebfcb8e2b63b50581d13271298e37c46\",\"name\":\"admin6056\",\"image\":{\"@type\":\"ImageObject\",\"inLanguage\":\"fr-FR\",\"@id\":\"https:\\\/\\\/olivierdelfor.fr\\\/wp-content\\\/uploads\\\/2024\\\/01\\\/PHOTO-OLIVIER.jpg\",\"url\":\"https:\\\/\\\/olivierdelfor.fr\\\/wp-content\\\/uploads\\\/2024\\\/01\\\/PHOTO-OLIVIER.jpg\",\"contentUrl\":\"https:\\\/\\\/olivierdelfor.fr\\\/wp-content\\\/uploads\\\/2024\\\/01\\\/PHOTO-OLIVIER.jpg\",\"width\":2095,\"height\":1911,\"caption\":\"admin6056\"},\"logo\":{\"@id\":\"https:\\\/\\\/olivierdelfor.fr\\\/wp-content\\\/uploads\\\/2024\\\/01\\\/PHOTO-OLIVIER.jpg\"},\"sameAs\":[\"http:\\\/\\\/olivierdelfor.fr\"]}]}<\/script>\n<!-- \/ Yoast SEO plugin. -->","yoast_head_json":{"title":"Biographie - Olivier Delfor","robots":{"index":"index","follow":"follow","max-snippet":"max-snippet:-1","max-image-preview":"max-image-preview:large","max-video-preview":"max-video-preview:-1"},"canonical":"https:\/\/olivierdelfor.fr\/index.php\/biographie\/","og_locale":"fr_FR","og_type":"article","og_title":"Biographie - Olivier Delfor","og_description":"BiographieGuitariste depuis l\u2019\u00e2ge de 13 ans, Olivier Delfor s\u2019initie \u00e0 la musique par le folk et le blues. Tr\u00e8s vite il d\u00e9couvre le rock et ses guitaristes l\u00e9gendaires qui seront des influences majeures dans son parcours musical. Il fait ensuite ses \u00e9tudes au CIM \u00e9cole de jazz de Paris, o\u00f9 il travaille avec Pierre Cullaz, [&hellip;]","og_url":"https:\/\/olivierdelfor.fr\/index.php\/biographie\/","og_site_name":"Olivier Delfor","article_modified_time":"2024-10-21T08:04:47+00:00","og_image":[{"url":"https:\/\/olivierdelfor.fr\/wp-content\/uploads\/2024\/04\/assis-sur-ma-dune-300x300.jpg","type":"","width":"","height":""}],"twitter_card":"summary_large_image","twitter_misc":{"Dur\u00e9e de lecture estim\u00e9e":"8 minutes"},"schema":{"@context":"https:\/\/schema.org","@graph":[{"@type":"WebPage","@id":"https:\/\/olivierdelfor.fr\/index.php\/biographie\/","url":"https:\/\/olivierdelfor.fr\/index.php\/biographie\/","name":"Biographie - Olivier Delfor","isPartOf":{"@id":"https:\/\/olivierdelfor.fr\/#website"},"primaryImageOfPage":{"@id":"https:\/\/olivierdelfor.fr\/index.php\/biographie\/#primaryimage"},"image":{"@id":"https:\/\/olivierdelfor.fr\/index.php\/biographie\/#primaryimage"},"thumbnailUrl":"https:\/\/olivierdelfor.fr\/wp-content\/uploads\/2024\/04\/assis-sur-ma-dune-300x300.jpg","datePublished":"2024-04-22T08:01:20+00:00","dateModified":"2024-10-21T08:04:47+00:00","breadcrumb":{"@id":"https:\/\/olivierdelfor.fr\/index.php\/biographie\/#breadcrumb"},"inLanguage":"fr-FR","potentialAction":[{"@type":"ReadAction","target":["https:\/\/olivierdelfor.fr\/index.php\/biographie\/"]}]},{"@type":"ImageObject","inLanguage":"fr-FR","@id":"https:\/\/olivierdelfor.fr\/index.php\/biographie\/#primaryimage","url":"https:\/\/olivierdelfor.fr\/wp-content\/uploads\/2024\/04\/assis-sur-ma-dune.jpg","contentUrl":"https:\/\/olivierdelfor.fr\/wp-content\/uploads\/2024\/04\/assis-sur-ma-dune.jpg","width":1200,"height":1200,"caption":"1.83.0-F6AJWFJOAE7PQQY37VPSIIVYH4.0.2-2"},{"@type":"BreadcrumbList","@id":"https:\/\/olivierdelfor.fr\/index.php\/biographie\/#breadcrumb","itemListElement":[{"@type":"ListItem","position":1,"name":"Accueil","item":"https:\/\/olivierdelfor.fr\/"},{"@type":"ListItem","position":2,"name":"Biographie"}]},{"@type":"WebSite","@id":"https:\/\/olivierdelfor.fr\/#website","url":"https:\/\/olivierdelfor.fr\/","name":"Olivier Delfor","description":"Guitare Chant Percussions Auteur Compositeur Interpr\u00e8te","publisher":{"@id":"https:\/\/olivierdelfor.fr\/#\/schema\/person\/ebfcb8e2b63b50581d13271298e37c46"},"potentialAction":[{"@type":"SearchAction","target":{"@type":"EntryPoint","urlTemplate":"https:\/\/olivierdelfor.fr\/?s={search_term_string}"},"query-input":{"@type":"PropertyValueSpecification","valueRequired":true,"valueName":"search_term_string"}}],"inLanguage":"fr-FR"},{"@type":["Person","Organization"],"@id":"https:\/\/olivierdelfor.fr\/#\/schema\/person\/ebfcb8e2b63b50581d13271298e37c46","name":"admin6056","image":{"@type":"ImageObject","inLanguage":"fr-FR","@id":"https:\/\/olivierdelfor.fr\/wp-content\/uploads\/2024\/01\/PHOTO-OLIVIER.jpg","url":"https:\/\/olivierdelfor.fr\/wp-content\/uploads\/2024\/01\/PHOTO-OLIVIER.jpg","contentUrl":"https:\/\/olivierdelfor.fr\/wp-content\/uploads\/2024\/01\/PHOTO-OLIVIER.jpg","width":2095,"height":1911,"caption":"admin6056"},"logo":{"@id":"https:\/\/olivierdelfor.fr\/wp-content\/uploads\/2024\/01\/PHOTO-OLIVIER.jpg"},"sameAs":["http:\/\/olivierdelfor.fr"]}]}},"_links":{"self":[{"href":"https:\/\/olivierdelfor.fr\/index.php\/wp-json\/wp\/v2\/pages\/385","targetHints":{"allow":["GET"]}}],"collection":[{"href":"https:\/\/olivierdelfor.fr\/index.php\/wp-json\/wp\/v2\/pages"}],"about":[{"href":"https:\/\/olivierdelfor.fr\/index.php\/wp-json\/wp\/v2\/types\/page"}],"author":[{"embeddable":true,"href":"https:\/\/olivierdelfor.fr\/index.php\/wp-json\/wp\/v2\/users\/2"}],"replies":[{"embeddable":true,"href":"https:\/\/olivierdelfor.fr\/index.php\/wp-json\/wp\/v2\/comments?post=385"}],"version-history":[{"count":16,"href":"https:\/\/olivierdelfor.fr\/index.php\/wp-json\/wp\/v2\/pages\/385\/revisions"}],"predecessor-version":[{"id":621,"href":"https:\/\/olivierdelfor.fr\/index.php\/wp-json\/wp\/v2\/pages\/385\/revisions\/621"}],"wp:attachment":[{"href":"https:\/\/olivierdelfor.fr\/index.php\/wp-json\/wp\/v2\/media?parent=385"}],"curies":[{"name":"wp","href":"https:\/\/api.w.org\/{rel}","templated":true}]}}